{"id":1056,"date":"2025-01-08T10:09:18","date_gmt":"2025-01-08T15:09:18","guid":{"rendered":"https:\/\/globalavionique.com\/staging\/?post_type=product&#038;p=1056"},"modified":"2025-01-15T14:20:32","modified_gmt":"2025-01-15T19:20:32","slug":"stratus-power-pro-usb-hub","status":"publish","type":"product","link":"https:\/\/globalavionique.com\/staging\/produit\/stratus-power-pro-usb-hub\/","title":{"rendered":"Stratus Power PRO (USB Hub)"},"content":{"rendered":"<p><strong>Branchez-vous avec un port de charge s\u00fbr, abordable et certifi\u00e9 TSO pour profiter de la commodit\u00e9 de l&rsquo;alimentation USB dans votre avion \u2013 gr\u00e2ce \u00e0 l&rsquo;ing\u00e9nierie durable et de haute qualit\u00e9 que vous attendez avec le nom Stratus.<\/strong><\/p>\n<p>Avec ce chargeur blind\u00e9 contre les radiofr\u00e9quences, vous pouvez \u00eatre s\u00fbr de ne pas rencontrer d&rsquo;interf\u00e9rences NAV\/COM comme c&rsquo;est souvent le cas avec les appareils \u00e9lectroniques bon march\u00e9. Choisissez le Stratus Power Pro pour charger les t\u00e9l\u00e9phones et autres petits appareils \u00e9lectroniques, ainsi que les tablettes modernes et gourmandes en \u00e9nergie.<\/p>\n<p><strong>CARACT\u00c9RISTIQUES :<\/strong><\/p>\n<ul>\n<li>Ports de charge USB-A et USB-C 3.0A doubles<\/li>\n<li>Certifi\u00e9 FAA selon la norme TSO-C71<\/li>\n<li>Forme cylindrique pour une installation facile avec per\u00e7age<\/li>\n<li>Lumi\u00e8re LED bleue \u00e0 l&rsquo;avant<\/li>\n<li>Con\u00e7u et fabriqu\u00e9 aux \u00c9tats-Unis<\/li>\n<li>Garantie de 5 ans<\/li>\n<li>Dimensions : 1,848\u201d l x 1,848\u201d h x 1,263\u201d p<\/li>\n<\/ul>\n","protected":false},"excerpt":{"rendered":"<p>Avec ce chargeur blind\u00e9 contre les radiofr\u00e9quences, vous pouvez \u00eatre s\u00fbr de ne pas rencontrer d&rsquo;interf\u00e9rences NAV\/COM comme c&rsquo;est souvent le cas avec les appareils \u00e9lectroniques bon march\u00e9. Choisissez le Stratus Power Pro pour charger les t\u00e9l\u00e9phones et autres petits appareils \u00e9lectroniques, ainsi que les tablettes modernes et gourmandes en \u00e9nergie.<\/p>\n","protected":false},"featured_media":1057,"template":"","meta":{"neve_meta_sidebar":"","neve_meta_container":"","neve_meta_enable_content_width":"off","neve_meta_content_width":100,"neve_meta_title_alignment":"","neve_meta_author_avatar":"","neve_post_elements_order":"","neve_meta_disable_header":"","neve_meta_disable_footer":"","neve_meta_disable_title":"","_themeisle_gutenberg_block_has_review":false},"product_brand":[],"product_cat":[49],"product_tag":[50],"class_list":{"0":"post-1056","1":"product","2":"type-product","3":"status-publish","4":"has-post-thumbnail","6":"product_cat-autre","7":"product_tag-appareo","9":"first","10":"instock","11":"shipping-taxable","12":"product-type-external"},"jetpack_sharing_enabled":true,"_links":{"self":[{"href":"https:\/\/globalavionique.com\/staging\/wp-json\/wp\/v2\/product\/1056","targetHints":{"allow":["GET"]}}],"collection":[{"href":"https:\/\/globalavionique.com\/staging\/wp-json\/wp\/v2\/product"}],"about":[{"href":"https:\/\/globalavionique.com\/staging\/wp-json\/wp\/v2\/types\/product"}],"wp:featuredmedia":[{"embeddable":true,"href":"https:\/\/globalavionique.com\/staging\/wp-json\/wp\/v2\/media\/1057"}],"wp:attachment":[{"href":"https:\/\/globalavionique.com\/staging\/wp-json\/wp\/v2\/media?parent=1056"}],"wp:term":[{"taxonomy":"product_brand","embeddable":true,"href":"https:\/\/globalavionique.com\/staging\/wp-json\/wp\/v2\/product_brand?post=1056"},{"taxonomy":"product_cat","embeddable":true,"href":"https:\/\/globalavionique.com\/staging\/wp-json\/wp\/v2\/product_cat?post=1056"},{"taxonomy":"product_tag","embeddable":true,"href":"https:\/\/globalavionique.com\/staging\/wp-json\/wp\/v2\/product_tag?post=1056"}],"curies":[{"name":"wp","href":"https:\/\/api.w.org\/{rel}","templated":true}]}}